{"id":461,"date":"2024-11-13T12:45:39","date_gmt":"2024-11-13T11:45:39","guid":{"rendered":"http:\/\/greenseas.fr\/?page_id=461"},"modified":"2024-12-23T16:26:36","modified_gmt":"2024-12-23T15:26:36","slug":"le-volet-1-wp1-2","status":"publish","type":"page","link":"http:\/\/greenseas.fr\/index.php\/le-projet\/axes-de-recherches\/le-volet-1-wp1-2\/","title":{"rendered":"Le volet 1 (WP1)"},"content":{"rendered":"\n<p class=\"has-text-align-center has-white-color has-text-color has-background has-link-color wp-elements-09fd7ec56605f0b9639e3c44cd19d0fd\" style=\"background-color:#144c79;font-size:20px\">Saisir et historiciser la <strong>diversit\u00e9 des exp\u00e9riences<\/strong> de l&rsquo;eutrophisation<\/p>\n\n\n\n<p class=\"has-black-color has-text-color has-link-color wp-elements-1b899ab46236e796a0ada9c0ad1ce37f\" style=\"font-size:15px\">Ce volet explore la fa\u00e7on dont <strong>l&rsquo;exp\u00e9rience au long cours des probl\u00e8mes li\u00e9s \u00e0 l&rsquo;eutrophisation influence les soci\u00e9t\u00e9s<\/strong>, \u00e0 la fois mat\u00e9riellement et immat\u00e9riellement. Pour cela, il s&rsquo;int\u00e9resse \u00e0 la diversit\u00e9 des r\u00e9cits et des exp\u00e9riences sociales de l&rsquo;eutrophisation dans l&rsquo;espace et dans le temps. <\/p>\n\n\n\n<p class=\"has-black-color has-text-color has-link-color wp-elements-96377c1cca8f4849e09985da4be8e223\" style=\"font-size:15px\">Ce premier volet associe des <strong>m\u00e9thodes anthropologiques et historiques classiques (entretiens, observations participantes, fouille d&rsquo;archives&#8230;) avec des approches cr\u00e9atives<\/strong> issues des humanit\u00e9s environnementales. Il se d\u00e9cline en quatre axes :<\/p>\n\n\n\n<p class=\"has-text-align-center has-black-color has-text-color has-background has-link-color wp-elements-2b34408ae94e7118f862cf5ab1bc7560\" style=\"background-color:#5bc7cf;font-size:13px;font-style:normal;font-weight:400\">T\u00e2che 1.1 &#8211; <strong>Des enqu\u00eates de terrain<\/strong>, principalement conduites sur le site de la Baie de Douarnenez, pour approfondir l&rsquo;analyse de la diversit\u00e9 des exp\u00e9riences de l&rsquo;eutrophisation localement (agriculteur.ices, membres d&rsquo;associations environnementales, pouvoirs publics locaux) de 1945 \u00e0 nos jours.<\/p>\n\n\n\n<p>La collecte de donn\u00e9es qualitatives (travail sur le terrain et archivage) s&rsquo;appuie sur deux campagnes ethnographiques pr\u00e9c\u00e9dentes (2010, 2012). <\/p>\n\n\n\n<p>Le travail sur le terrain fournit des informations suppl\u00e9mentaires sur la p\u00e9riode post\u00e9rieure \u00e0 2010, au cours de laquelle des changements socio-\u00e9conomiques et culturels majeurs ont \u00e9t\u00e9 observ\u00e9s, les sous-ensembles territoriaux contrast\u00e9s (zone urbaine et marine au sud, zone touristique au nord, diversit\u00e9 de l&rsquo;exposition aux sympt\u00f4mes d&rsquo;eutrophisation), et l&rsquo;\u00e9volution des relations entre les professionnel.les de l&rsquo;agriculture, les autorit\u00e9s locales et la protection de l&rsquo;environnement de 1945 \u00e0 nos jours, avec une approche comparative dans 3 baies affect\u00e9es (Baie de Douarnenez, Horn-Guillec et La Fresnaye) pour la th\u00e8se de sociologie d&rsquo;Alban Landr\u00e9.<\/p>\n\n\n\n<p>Les corpus de donn\u00e9es qualitatives qui en r\u00e9sultent seront mis \u00e0 disposition de l&rsquo;ensemble de l&rsquo;\u00e9quipe scientifique. Les archives et les r\u00e9cits oraux sur l&rsquo;eutrophisation alimenteront par exemple directement l&rsquo;analyse r\u00e9trospective des occurrences de mar\u00e9es vertes, et fourniront \u00e0 l&rsquo;EPAB ainsi qu&rsquo;\u00e0 l&rsquo;ensemble des gestionnaires une synth\u00e8se de la question toujours controvers\u00e9e des conditions \u00e0 l&rsquo;origine de leur apparition. Deuxi\u00e8mement, des entretiens approfondis et des observations participantes avec des agriculteurs et des ONG locales soutiendront la t\u00e2che 2.1.<\/p>\n\n\n\n<p class=\"has-text-align-center has-black-color has-text-color has-background has-link-color wp-elements-45cd605f52ccd6cd6732d1710c91654f\" style=\"background-color:#5bc7cf\">T\u00e2che 1.2 &#8211; Une <strong>analyse r\u00e9trospective des conflits socio-environnementaux dans les baies affect\u00e9es par l&rsquo;eutrophisation<\/strong>. Ici, l&rsquo;analyse se centre sur l&rsquo;articulation de la notion de justice sociale avec les pr\u00e9occupations environnementales dans la probl\u00e9matisation et la politisation de l&rsquo;eutrophisation de 1945 \u00e0 aujourd&rsquo;hui.<\/p>\n\n\n\n<p>Des entretiens semi-structur\u00e9s, l&rsquo;observation et l&rsquo;analyse r\u00e9trospective des conflits et des mouvements sociaux associ\u00e9s aux r\u00e9organisations du syst\u00e8me socio-\u00e9cologique de la baie de Douarnenez sont r\u00e9alis\u00e9s.<br><br>Une attention particuli\u00e8re est accord\u00e9e aux mouvements \u00e9mergeant apr\u00e8s 2010 qui: 1. d\u00e9fendent la sant\u00e9 environnementale \u00e0 partir d&rsquo;une attention \u00e0 la qualit\u00e9 des eaux c\u00f4ti\u00e8res, et mettent en relation la d\u00e9gradation de l&rsquo;environnement et la d\u00e9gradation de la qualit\u00e9 de l&rsquo;eau; 2. relient la d\u00e9gradation de l&rsquo;environnement aux in\u00e9galit\u00e9s sociales; 3. plaident pour une transition vers une agriculture durable.<\/p>\n\n\n\n<p>Cette approche est progressivement \u00e9tendue au niveau r\u00e9gional, en particulier par le recueil et la diffusion de t\u00e9moignages de protagonistes historiquement impliqu\u00e9s dans les luttes environnementales li\u00e9es aux mar\u00e9es vertes, qui serviront d&rsquo;outils de m\u00e9diation pour le d\u00e9bat public, mais \u00e9galement par une reconstitution participative de l&rsquo;histoire des mobilisations contre les mar\u00e9es vertes.<br>L&rsquo;analyse r\u00e9trospective des mouvements et des conflits socio-environnementaux li\u00e9s \u00e0 l&rsquo;\u00e9tat des baies fournira du mat\u00e9riel pour une analyse interdisciplinaire des dynamiques d&rsquo;institutionnalisation en relation avec les questions de connaissance et de l\u00e9gitimit\u00e9 dans la gouvernance de l&rsquo;eutrophisation.<br><\/p>\n\n\n\n<p class=\"has-text-align-center has-black-color has-text-color has-background has-link-color wp-elements-ec1ca631e30caec24c6874658c528598\" style=\"background-color:#5bc7cf\">T\u00e2che 1.3 &#8211; Une <strong>enqu\u00eate sociologique sur les relations entre les habitants et les activit\u00e9s agricoles en Bretagne<\/strong> ainsi que leur \u00e9volution<\/p>\n\n\n\n<p>Peu d\u2019\u00e9l\u00e9ments sont connus sur l\u2019\u00e9volution des relations entre les habitant\u00b7es et les activit\u00e9s agricoles en Bretagne, que ce soit :<\/p>\n\n\n\n<ul class=\"wp-block-list\">\n<li>Leur familiarit\u00e9 avec les syst\u00e8mes agricoles ou les professionnel\u00b7les du secteur, en particulier les agriculteurs et agricultrices,<\/li>\n\n\n\n<li>Leur compr\u00e9hension de la nature, de l\u2019ampleur et du sens des transformations agricoles d\u2019ampleur qu\u2019a connu la r\u00e9gion depuis les ann\u00e9es 1960,<\/li>\n\n\n\n<li>La fa\u00e7on dont l\u2019exp\u00e9rience quotidienne ou la m\u00e9diatisation des probl\u00e8mes environnementaux, en particulier la qualit\u00e9 de l\u2019eau, influence les pratiques et les attentes des habitant\u00b7es vis-\u00e0-vis de l\u2019agriculture.<br><\/li>\n<\/ul>\n\n\n\n<p>L\u2019objet de ce travail est de concevoir et de mettre en \u0153uvre un dispositif d\u2019enqu\u00eate sociologique par le biais d\u2019un questionnaire, qui pourrait \u00eatre utilis\u00e9 de mani\u00e8re p\u00e9riodique pour \u00e9valuer qualitativement et quantitativement les pratiques, relations et regards des habitant\u00b7es sur les activit\u00e9s agricoles, ainsi que leurs variations dans le temps et dans l\u2019espace. L&rsquo;enqu\u00eate \u00ab\u00a0L&rsquo;agriculture et nous\u00a0\u00bb, men\u00e9e conjointement par les \u00e9quipes des projets <a href=\"https:\/\/iris-e.univ-rennes.fr\/fil-av-la-fabrication-dinformations-publiques-locales-sur-les-algues-vertes\">FIL-AV<\/a> et GreenSeas, est, dans un premier temps, exp\u00e9riment\u00e9e dans deux territoires de l\u2019eau volontaires, qui participeront \u00e0 sa conception et \u00e0 sa mise en \u0153uvre sur la p\u00e9riode 2025-2026. Le territoire de la baie de Douarnenez a \u00e9t\u00e9 choisi dans la continuit\u00e9 des projets de recherche collaborative historiquement men\u00e9s sur ce territoire, dont GreenSeas. Un partenariat avec l\u2019\u00c9tablissement public d\u2019am\u00e9nagement et de gestion de la baie de Douarnenez (EPAB) facilite le contact avec les personnes volontaires pour co-construire l\u2019enqu\u00eate. Un deuxi\u00e8me territoire sera choisi avec le soutien de l\u2019Assembl\u00e9e permanente des pr\u00e9sidents de Commissions locales de l\u2019eau de Bretagne (APPCB) sur des crit\u00e8res de taille, d\u2019int\u00e9r\u00eat port\u00e9 au projet, ainsi que d\u2019exposition au ph\u00e9nom\u00e8ne de l\u2019eutrophisation.<\/p>\n\n\n\n<p class=\"has-text-align-center has-black-color has-text-color has-background has-link-color wp-elements-21cb2088e41192e732e10564239d6826\" style=\"background-color:#5bc7cf\">T\u00e2che 1.4 &#8211; Des <strong>r\u00e9cits collectifs <\/strong>relatant la diversit\u00e9 des exp\u00e9riences v\u00e9cues de l&rsquo;eutrophisation sur le temps long<\/p>\n\n\n\n<p>L&rsquo;\u00e9laboration d&rsquo;un r\u00e9cit commun sur l&rsquo;eutrophisation de longue dur\u00e9e, qui tienne compte de la diversit\u00e9 des exp\u00e9riences et de leur reconnaissance publique, est un d\u00e9fi commun pour toutes les baies touch\u00e9es et pour l&rsquo;ensemble de la r\u00e9gion. En effet, s&rsquo;il semble incontournable de s&rsquo;appuyer sur cet h\u00e9ritage pour am\u00e9liorer la qualit\u00e9 du d\u00e9bat public, sa nature conflictuelle et d\u00e9rogatoire est politiquement dissuasive. En outre, malgr\u00e9 leur grande pertinence politique et leurs propri\u00e9t\u00e9s explicatives, certains aspects qualitatifs et globaux des questions environnementales sont difficiles \u00e0 saisir en utilisant les sous-syst\u00e8mes et les variables classiques de description des dynamiques des socio-\u00e9cosyst\u00e8mes (identit\u00e9 sociale, m\u00e9moire, culture, attention, attachement aux lieux&#8230;). Leur logique peut \u00eatre saisie davantage en construisant et en publicisant des r\u00e9cits qu&rsquo;en objectivant des faits, sans prendre en compte leurs conditions d&rsquo;\u00e9nonciation. <br>L&rsquo;\u00e9laboration de ces r\u00e9cits collectifs s&rsquo;appuie sur des interactions continues avec les populations locales en utilisant des enqu\u00eates ethnographiques et des exp\u00e9riences scientifiques cr\u00e9atives men\u00e9es par l&rsquo;\u00e9quipe du WP1, telles que des conf\u00e9rences publiques de r\u00e9cits et de t\u00e9moignages oraux et \u00e9crits, l&rsquo;exploration collective de r\u00e9cits\/contre-r\u00e9cits sur des \u00e9v\u00e9nements significatifs et\/ou controvers\u00e9s, et l&rsquo;analyse picturale. <\/p>\n\n\n\n<div class=\"wp-block-group\"><div class=\"wp-block-group__inner-container is-layout-constrained wp-block-group-is-layout-constrained\">\n<p class=\"has-text-color has-link-color has-medium-font-size wp-elements-095ca1ba437abc667d186acb9e0e763d\" style=\"color:#144c79\"><strong>Actualit\u00e9s en lien avec ce volet de recherche : <\/strong><\/p>\n\n\n<ul style=\"font-size:15px;\" class=\"wp-block-latest-posts__list wp-block-latest-posts\"><li><a class=\"wp-block-latest-posts__post-title\" href=\"http:\/\/greenseas.fr\/index.php\/2025\/10\/24\/video-rendez-vous-greenseas-2-les-marees-vertes-sont-elles-un-probleme-environnemental-contemporain-comme-un-autre\/\">[Vid\u00e9o] Rendez-vous GreenSeas #2 \u2013 Les mar\u00e9es vertes sont-elles un probl\u00e8me environnemental contemporain comme un autre\u00a0?<\/a><div class=\"wp-block-latest-posts__post-excerpt\">L\u2019\u00e9quipe du projet recherche ANR&nbsp;GreenSeas&nbsp;a eu&nbsp;le plaisir de&nbsp;vous inviter \u00e0 la deuxi\u00e8me session des&nbsp;Rendez-vous GreenSeas. Cette s\u00e9rie de webinaires est l\u2019occasion d\u2019inviter des sp\u00e9cialistes \u00e0 venir pr\u00e9senter leurs travaux en lien avec des th\u00e9matiques de recherche centrales pour les \u00e9quipes du projet. Les mar\u00e9es vertes sont-elles un probl\u00e8me environnemental contemporain comme un autre&nbsp;? Invit\u00e9 :\u2026 <a class=\"wp-block-latest-posts__read-more\" href=\"http:\/\/greenseas.fr\/index.php\/2025\/10\/24\/video-rendez-vous-greenseas-2-les-marees-vertes-sont-elles-un-probleme-environnemental-contemporain-comme-un-autre\/\" rel=\"noopener noreferrer\">Lire la suite<span class=\"screen-reader-text\">\u00a0: [Vid\u00e9o] Rendez-vous GreenSeas #2 \u2013 Les mar\u00e9es vertes sont-elles un probl\u00e8me environnemental contemporain comme un autre\u00a0?<\/span><\/a><\/div><\/li>\n<li><a class=\"wp-block-latest-posts__post-title\" href=\"http:\/\/greenseas.fr\/index.php\/2025\/10\/14\/rendez-vous-greenseas-2-les-marees-vertes-sont-elles-un-probleme-environnemental-contemporain-comme-un-autre\/\">Rendez-vous GreenSeas #2 \u2013 Les mar\u00e9es vertes sont-elles un probl\u00e8me environnemental contemporain comme un autre\u00a0?<\/a><div class=\"wp-block-latest-posts__post-excerpt\">In English below L\u2019\u00e9quipe du projet recherche ANR&nbsp;GreenSeas&nbsp;a&nbsp;le plaisir de&nbsp;vous inviter \u00e0 la deuxi\u00e8me session des&nbsp;Rendez-vous GreenSeas. Cette s\u00e9rie de webinaires est l\u2019occasion d\u2019inviter des sp\u00e9cialistes \u00e0 venir pr\u00e9senter leurs travaux en lien avec des th\u00e9matiques de recherche centrales pour les \u00e9quipes du projet. Pour ce deuxi\u00e8me webinaire, qui se d\u00e9roulera&nbsp;en ligne et en pr\u00e9sentiel\u2026 <a class=\"wp-block-latest-posts__read-more\" href=\"http:\/\/greenseas.fr\/index.php\/2025\/10\/14\/rendez-vous-greenseas-2-les-marees-vertes-sont-elles-un-probleme-environnemental-contemporain-comme-un-autre\/\" rel=\"noopener noreferrer\">Lire la suite<span class=\"screen-reader-text\">\u00a0: Rendez-vous GreenSeas #2 \u2013 Les mar\u00e9es vertes sont-elles un probl\u00e8me environnemental contemporain comme un autre\u00a0?<\/span><\/a><\/div><\/li>\n<li><a class=\"wp-block-latest-posts__post-title\" href=\"http:\/\/greenseas.fr\/index.php\/2025\/07\/28\/que-percoivent-les-pratiquants-dactivites-sportives-ou-recreatives-littorales-de-leutrophisation\/\">Que per\u00e7oivent les pratiquants d\u2019activit\u00e9s sportives ou r\u00e9cr\u00e9atives littorales de l\u2019eutrophisation\u00a0?<\/a><div class=\"wp-block-latest-posts__post-excerpt\">Afin de r\u00e9pondre \u00e0 l\u2019enqu\u00eate qualitative \u00ab Questionner les pratiques et les r\u00e9cits des usagers du littoral s\u2019adonnant \u00e0 une activit\u00e9 physique, sportive ou r\u00e9cr\u00e9ative dans des espaces atteints par l\u2019eutrophisation \u00bb, 36 observations de terrain ont eu lieu sur les sites de la Lieue de Gr\u00e8ve, de Guiss\u00e9ny, de Brest, de Douarnenez et de\u2026 <a class=\"wp-block-latest-posts__read-more\" href=\"http:\/\/greenseas.fr\/index.php\/2025\/07\/28\/que-percoivent-les-pratiquants-dactivites-sportives-ou-recreatives-littorales-de-leutrophisation\/\" rel=\"noopener noreferrer\">Lire la suite<span class=\"screen-reader-text\">\u00a0: Que per\u00e7oivent les pratiquants d\u2019activit\u00e9s sportives ou r\u00e9cr\u00e9atives littorales de l\u2019eutrophisation\u00a0?<\/span><\/a><\/div><\/li>\n<li><a class=\"wp-block-latest-posts__post-title\" href=\"http:\/\/greenseas.fr\/index.php\/2025\/07\/03\/fin-de-terrain-lagriculture-et-nous-a-trouve-ses-repondantes\/\">Fin de terrain ! \u00ab\u00a0l&rsquo;Agriculture et nous\u00a0\u00bb a trouv\u00e9 ses r\u00e9pondant.es<\/a><div class=\"wp-block-latest-posts__post-excerpt\">L&rsquo;enqu\u00eate \u00ab\u00a0l&rsquo;Agriculture et nous\u00a0\u00bb est une enqu\u00eate par questionnaire men\u00e9e aupr\u00e8s des habitant\u00b7es de la Baie de Douarnenez et du SAGE Blavet sur les relations entre habitants et agriculture. L\u2019enqu\u00eate \u00ab\u00a0l\u2019Agriculture et nous\u00a0\u00bb vise \u00e0 mieux comprendre quelles sont les relations des habitants de ces deux territoires avec l\u2019activit\u00e9 agricole et ses professionnels, et dans\u2026 <a class=\"wp-block-latest-posts__read-more\" href=\"http:\/\/greenseas.fr\/index.php\/2025\/07\/03\/fin-de-terrain-lagriculture-et-nous-a-trouve-ses-repondantes\/\" rel=\"noopener noreferrer\">Lire la suite<span class=\"screen-reader-text\">\u00a0: Fin de terrain ! \u00ab\u00a0l&rsquo;Agriculture et nous\u00a0\u00bb a trouv\u00e9 ses r\u00e9pondant.es<\/span><\/a><\/div><\/li>\n<li><a class=\"wp-block-latest-posts__post-title\" href=\"http:\/\/greenseas.fr\/index.php\/2025\/04\/24\/nouvelle-arrivante-juliette-doux\/\">Nouvelle arrivante : Juliette Doux<\/a><div class=\"wp-block-latest-posts__post-excerpt\">\u00c9tudiante en Master Expertise et Gestion de l\u2019Environnement Littoral (EGEL, UBO-IUEM) je suis tr\u00e8s heureuse de rejoindre l\u2019\u00e9quipe GreenSeas pour mon stage de M1 ! Ce stage s\u2019inscrit dans le cadre de l\u2019enqu\u00eate \u00ab l\u2019Agriculture &amp; nous \u00bb, men\u00e9e par Odeline Billant, Alix Levain et Val\u00e9rie Viaud. L\u2019enqu\u00eate sera d\u00e9ploy\u00e9e ce printemps sur les bassins\u2026 <a class=\"wp-block-latest-posts__read-more\" href=\"http:\/\/greenseas.fr\/index.php\/2025\/04\/24\/nouvelle-arrivante-juliette-doux\/\" rel=\"noopener noreferrer\">Lire la suite<span class=\"screen-reader-text\">\u00a0: Nouvelle arrivante : Juliette Doux<\/span><\/a><\/div><\/li>\n<li><a class=\"wp-block-latest-posts__post-title\" href=\"http:\/\/greenseas.fr\/index.php\/2025\/04\/23\/nouvelle-arrivante-angelique-meral\/\">Nouvelle arrivante : Ang\u00e9lique M\u00e9ral<\/a><div class=\"wp-block-latest-posts__post-excerpt\">Bonjour \u00e0 tous et \u00e0 toutes&nbsp;! Je suis ravie de rejoindre l\u2019\u00e9quipe de GreenSeas pour ces 5 prochains mois\u00a0! Dans le cadre de ma deuxi\u00e8me ann\u00e9e de Master EGEL (Expertise et Gestion de l\u2019Environnement Littoral) \u00e0 l\u2019IUEM (UBO, Brest), je r\u00e9alise mon stage de fin d\u2019\u00e9tude de 5 mois \u00e0 la station INRAE de Quimper,\u2026 <a class=\"wp-block-latest-posts__read-more\" href=\"http:\/\/greenseas.fr\/index.php\/2025\/04\/23\/nouvelle-arrivante-angelique-meral\/\" rel=\"noopener noreferrer\">Lire la suite<span class=\"screen-reader-text\">\u00a0: Nouvelle arrivante : Ang\u00e9lique M\u00e9ral<\/span><\/a><\/div><\/li>\n<li><a class=\"wp-block-latest-posts__post-title\" href=\"http:\/\/greenseas.fr\/index.php\/2025\/04\/04\/seminaire-annuel-du-projet-2-jours-dintenses-echanges\/\">S\u00e9minaire annuel du projet : 2 jours d&rsquo;intenses \u00e9changes !<\/a><div class=\"wp-block-latest-posts__post-excerpt\">Le s\u00e9minaire annuel du projet GreenSeas s&rsquo;est d\u00e9roul\u00e9 du 5 au 7 mars dans les locaux du Parc Naturel R\u00e9gional d&rsquo;Armorique. Merci aux agent.es du parc pour leur accueil ! Ce temps fort marque l&rsquo;entr\u00e9e dans la deuxi\u00e8me moiti\u00e9 du temps du projet. Au cours de la premi\u00e8re demi-journ\u00e9e, nous avons principalement \u00e9chang\u00e9 autour de\u2026 <a class=\"wp-block-latest-posts__read-more\" href=\"http:\/\/greenseas.fr\/index.php\/2025\/04\/04\/seminaire-annuel-du-projet-2-jours-dintenses-echanges\/\" rel=\"noopener noreferrer\">Lire la suite<span class=\"screen-reader-text\">\u00a0: S\u00e9minaire annuel du projet : 2 jours d&rsquo;intenses \u00e9changes !<\/span><\/a><\/div><\/li>\n<li><a class=\"wp-block-latest-posts__post-title\" href=\"http:\/\/greenseas.fr\/index.php\/2025\/04\/04\/atelier-inter-baies-pour-une-histoire-collaborative-des-luttes-contre-les-marees-vertes\/\">Atelier inter-baies pour une histoire collaborative des luttes contre les mar\u00e9es vertes<\/a><div class=\"wp-block-latest-posts__post-excerpt\">Le 20 mars, des repr\u00e9sentants de six associations de protection de l&rsquo;environnement (Eau et Rivi\u00e8res de Bretagne, Groupement Maritime, Bretagne Vivante, Sauvegarde du Tr\u00e9gor, Baie de Douarnenez Environnement, De la Source \u00e0 la Mer) et sept scientifiques de GreenSeas se sont retrouv\u00e9s en simultan\u00e9 \u00e0 Lannion et Douarnenez pour \u00e9changer sur l&rsquo;histoire des luttes contre\u2026 <a class=\"wp-block-latest-posts__read-more\" href=\"http:\/\/greenseas.fr\/index.php\/2025\/04\/04\/atelier-inter-baies-pour-une-histoire-collaborative-des-luttes-contre-les-marees-vertes\/\" rel=\"noopener noreferrer\">Lire la suite<span class=\"screen-reader-text\">\u00a0: Atelier inter-baies pour une histoire collaborative des luttes contre les mar\u00e9es vertes<\/span><\/a><\/div><\/li>\n<li><a class=\"wp-block-latest-posts__post-title\" href=\"http:\/\/greenseas.fr\/index.php\/2025\/04\/04\/nouvel-arrivant-en-stage-manu-fonleno\/\">Nouvel arrivant : Manu Fonl\u00e9no<\/a><div class=\"wp-block-latest-posts__post-excerpt\">Mon stage s&rsquo;inscrit dans le volet 1 intitul\u00e9 \u00ab Saisir et historiciser la diversit\u00e9 des exp\u00e9riences de l\u2019eutrophisation \u00bb. Il s\u2019agit de questionner les pratiques et les r\u00e9cits des usagers du littoral s\u2019adonnant \u00e0 des activit\u00e9s physiques, sportives et r\u00e9cr\u00e9atives dans des espaces affect\u00e9s par les ph\u00e9nom\u00e8nes d\u2019eutrophisation. Avec l\u2019aide de mon encadrant, Camille Gontier,\u2026 <a class=\"wp-block-latest-posts__read-more\" href=\"http:\/\/greenseas.fr\/index.php\/2025\/04\/04\/nouvel-arrivant-en-stage-manu-fonleno\/\" rel=\"noopener noreferrer\">Lire la suite<span class=\"screen-reader-text\">\u00a0: Nouvel arrivant : Manu Fonl\u00e9no<\/span><\/a><\/div><\/li>\n<li><a class=\"wp-block-latest-posts__post-title\" href=\"http:\/\/greenseas.fr\/index.php\/2025\/02\/10\/programme-des-mini-webinaires\/\">Programme des mini-webinaires<\/a><div class=\"wp-block-latest-posts__post-excerpt\">Voici le programme des mini-webinaires de cette nouvelle saison. Les mini-webinaires sont ouverts au membres du consortium du projet GreenSeas, et \u00e0 certaines organisations partenaires. Jeudi&nbsp;30&nbsp;janvier&nbsp;:&nbsp;Assistons-nous \u00e0 l\u2019\u00e9pilogue des mobilisations des associations environnementales contre les mar\u00e9es vertes&nbsp;? Anim\u00e9 par Antonin KHOSROVANINEJAD Les ann\u00e9es 1990 et 2000 sont marqu\u00e9es par des mobilisations importantes contre les \u00ab&nbsp;mar\u00e9es\u2026 <a class=\"wp-block-latest-posts__read-more\" href=\"http:\/\/greenseas.fr\/index.php\/2025\/02\/10\/programme-des-mini-webinaires\/\" rel=\"noopener noreferrer\">Lire la suite<span class=\"screen-reader-text\">\u00a0: Programme des mini-webinaires<\/span><\/a><\/div><\/li>\n<li><a class=\"wp-block-latest-posts__post-title\" href=\"http:\/\/greenseas.fr\/index.php\/2025\/02\/03\/nouvelle-arrivante-gaelle-troadec\/\">Nouvelle arrivante : Ga\u00eblle Troadec<\/a><div class=\"wp-block-latest-posts__post-excerpt\">Bonjour \u00e0 toute l&rsquo;\u00e9quipe, Je suis tr\u00e8s heureuse de rejoindre les \u00e9quipes de recherche de l&rsquo;ANR dans le cadre d&rsquo;une nouvelle recherche. Je m&rsquo;appelle Ga\u00eblle Troadec et je suis docteure en sociologie. Ma th\u00e8se porte sur les transformations \u00e9conomiques des armements de p\u00eache hauturi\u00e8re, en Sicile et en Bretagne Sud, dans des territoires d\u00e9sindustrialis\u00e9s. La\u2026 <a class=\"wp-block-latest-posts__read-more\" href=\"http:\/\/greenseas.fr\/index.php\/2025\/02\/03\/nouvelle-arrivante-gaelle-troadec\/\" rel=\"noopener noreferrer\">Lire la suite<span class=\"screen-reader-text\">\u00a0: Nouvelle arrivante : Ga\u00eblle Troadec<\/span><\/a><\/div><\/li>\n<li><a class=\"wp-block-latest-posts__post-title\" href=\"http:\/\/greenseas.fr\/index.php\/2024\/12\/23\/hommage-a-un-artisan-du-dialogue-autour-des-marees-vertes\/\">Hommage \u00e0 un artisan du dialogue autour des mar\u00e9es vertes<\/a><div class=\"wp-block-latest-posts__post-excerpt\">En juillet dernier, Paul Divanac&rsquo;h, maire de Plon\u00e9vez-Porzay (Finist\u00e8re) et pr\u00e9sident de l&rsquo;Assembl\u00e9e Permanente des Pr\u00e9sidents de Commissions Locales de l&rsquo;Eau de Bretagne (APPCB), est d\u00e9c\u00e9d\u00e9. Paul a \u00e9t\u00e9 \u00e0 la fois un artisan et un partenaire du projet GreenSeas, par les relations qu&rsquo;il avait nou\u00e9es au fil des ann\u00e9es avec l&rsquo;\u00e9quipe scientifique, par la\u2026 <a class=\"wp-block-latest-posts__read-more\" href=\"http:\/\/greenseas.fr\/index.php\/2024\/12\/23\/hommage-a-un-artisan-du-dialogue-autour-des-marees-vertes\/\" rel=\"noopener noreferrer\">Lire la suite<span class=\"screen-reader-text\">\u00a0: Hommage \u00e0 un artisan du dialogue autour des mar\u00e9es vertes<\/span><\/a><\/div><\/li>\n<li><a class=\"wp-block-latest-posts__post-title\" href=\"http:\/\/greenseas.fr\/index.php\/2023\/07\/26\/mini-webinaire-greenseas-relocalisation-alimentaire-dans-les-bassins-versants-algues-vertes-des-dynamiques-specifiques\/\">Mini-webinaire GreenSeas : Relocalisation alimentaire dans les bassins versants \u00ab\u00a0algues vertes\u00a0\u00bb &#8211; des dynamiques sp\u00e9cifiques?<\/a><div class=\"wp-block-latest-posts__post-excerpt\">Dans le cadre d&rsquo;une s\u00e9rie de \u00ab\u00a0mini-webinaires\u00a0\u00bb organis\u00e9e avec l\u2019\u00c9tablissement public d&rsquo;am\u00e9nagement et de gestion de la baie de Douarnenez (EPAB), les premiers r\u00e9sultats d&rsquo;une enqu\u00eate men\u00e9e par Pauline Guichaoua (stagiaire de l&rsquo;UMR 6308 AMURE &#8211; Master 2 de sociologie \u00e0 l\u2019Universit\u00e9 de Rennes 2) ont \u00e9t\u00e9 pr\u00e9sent\u00e9s et discut\u00e9s le 5 mai 2023. Cette\u2026 <a class=\"wp-block-latest-posts__read-more\" href=\"http:\/\/greenseas.fr\/index.php\/2023\/07\/26\/mini-webinaire-greenseas-relocalisation-alimentaire-dans-les-bassins-versants-algues-vertes-des-dynamiques-specifiques\/\" rel=\"noopener noreferrer\">Lire la suite<span class=\"screen-reader-text\">\u00a0: Mini-webinaire GreenSeas : Relocalisation alimentaire dans les bassins versants \u00ab\u00a0algues vertes\u00a0\u00bb &#8211; des dynamiques sp\u00e9cifiques?<\/span><\/a><\/div><\/li>\n<li><a class=\"wp-block-latest-posts__post-title\" href=\"http:\/\/greenseas.fr\/index.php\/2023\/07\/26\/stage-m2-pauline-guichaoua-transformations-ideelles-et-materielles-des-relations-entre-agriculture-alimentation-et-developpement-local-dans-les-bassins-versants-algues-vertes-en-breta\/\">Transformations des relations agriculture, alimentation d\u00e9veloppement local dans les bassins versants \u00ab algues vertes \u00bb en Bretagne<\/a><div class=\"wp-block-latest-posts__post-excerpt\">Entre f\u00e9vrier et juillet 2023, Pauline Guichaoua a r\u00e9alis\u00e9 son stage de Master 2 de sociologie (Univ. Rennes 2) au sein du projet GreenSeas. L&rsquo;enqu\u00eate qu&rsquo;elle a men\u00e9e constitue une contribution au volet 1 du projet, en particulier \u00e0 la t\u00e2che qui vise \u00e0 documenter les transformations des relations qu&rsquo;entretiennent les habitant.es des territoires touch\u00e9s\u2026 <a class=\"wp-block-latest-posts__read-more\" href=\"http:\/\/greenseas.fr\/index.php\/2023\/07\/26\/stage-m2-pauline-guichaoua-transformations-ideelles-et-materielles-des-relations-entre-agriculture-alimentation-et-developpement-local-dans-les-bassins-versants-algues-vertes-en-breta\/\" rel=\"noopener noreferrer\">Lire la suite<span class=\"screen-reader-text\">\u00a0: Transformations des relations agriculture, alimentation d\u00e9veloppement local dans les bassins versants \u00ab algues vertes \u00bb en Bretagne<\/span><\/a><\/div><\/li>\n<\/ul><\/div><\/div>\n","protected":false},"excerpt":{"rendered":"<p>Saisir et historiciser la diversit\u00e9 des exp\u00e9riences de l&rsquo;eutrophisation Ce volet explore la fa\u00e7on dont l&rsquo;exp\u00e9rience au long cours des probl\u00e8mes li\u00e9s \u00e0 l&rsquo;eutrophisation influence les soci\u00e9t\u00e9s, \u00e0 la fois mat\u00e9riellement et immat\u00e9riellement. Pour cela, il s&rsquo;int\u00e9resse \u00e0 la diversit\u00e9 des r\u00e9cits et des exp\u00e9riences sociales de l&rsquo;eutrophisation dans l&rsquo;espace et dans le temps. Ce [&hellip;]<\/p>\n","protected":false},"author":28,"featured_media":0,"parent":17,"menu_order":0,"comment_status":"closed","ping_status":"closed","template":"page-templates\/full-width.php","meta":{"_acf_changed":false,"footnotes":""},"class_list":["post-461","page","type-page","status-publish","hentry"],"acf":[],"_links":{"self":[{"href":"http:\/\/greenseas.fr\/index.php\/wp-json\/wp\/v2\/pages\/461","targetHints":{"allow":["GET"]}}],"collection":[{"href":"http:\/\/greenseas.fr\/index.php\/wp-json\/wp\/v2\/pages"}],"about":[{"href":"http:\/\/greenseas.fr\/index.php\/wp-json\/wp\/v2\/types\/page"}],"author":[{"embeddable":true,"href":"http:\/\/greenseas.fr\/index.php\/wp-json\/wp\/v2\/users\/28"}],"replies":[{"embeddable":true,"href":"http:\/\/greenseas.fr\/index.php\/wp-json\/wp\/v2\/comments?post=461"}],"version-history":[{"count":17,"href":"http:\/\/greenseas.fr\/index.php\/wp-json\/wp\/v2\/pages\/461\/revisions"}],"predecessor-version":[{"id":764,"href":"http:\/\/greenseas.fr\/index.php\/wp-json\/wp\/v2\/pages\/461\/revisions\/764"}],"up":[{"embeddable":true,"href":"http:\/\/greenseas.fr\/index.php\/wp-json\/wp\/v2\/pages\/17"}],"wp:attachment":[{"href":"http:\/\/greenseas.fr\/index.php\/wp-json\/wp\/v2\/media?parent=461"}],"curies":[{"name":"wp","href":"https:\/\/api.w.org\/{rel}","templated":true}]}}